{"version":"1.0","provider_name":"Dignificando la Memoria","provider_url":"https:\/\/www.imdhd.org\/dignificando-la-memoria","author_name":"admin","author_url":"https:\/\/www.imdhd.org\/dignificando-la-memoria\/author\/admin\/","title":"Carmelo Cervantes de Anda - Dignificando la Memoria","type":"rich","width":600,"height":338,"html":"<blockquote class=\"wp-embedded-content\" data-secret=\"Dw98UIRxfX\"><a href=\"https:\/\/www.imdhd.org\/dignificando-la-memoria\/memorias\/memorias-veracruz\/carmelo-cervantes-de-anda\/\">Carmelo Cervantes de Anda<\/a><\/blockquote><iframe sandbox=\"allow-scripts\" security=\"restricted\" src=\"https:\/\/www.imdhd.org\/dignificando-la-memoria\/memorias\/memorias-veracruz\/carmelo-cervantes-de-anda\/embed\/#?secret=Dw98UIRxfX\" width=\"600\" height=\"338\" title=\"\u00abCarmelo Cervantes de Anda\u00bb \u2014 Dignificando la Memoria\" data-secret=\"Dw98UIRxfX\" frameborder=\"0\" marginwidth=\"0\" marginheight=\"0\" scrolling=\"no\" class=\"wp-embedded-content\"><\/iframe><script>\n\/*! This file is auto-generated *\/\n!function(d,l){\"use strict\";l.querySelector&&d.addEventListener&&\"undefined\"!=typeof URL&&(d.wp=d.wp||{},d.wp.receiveEmbedMessage||(d.wp.receiveEmbedMessage=function(e){var t=e.data;if((t||t.secret||t.message||t.value)&&!\/[^a-zA-Z0-9]\/.test(t.secret)){for(var s,r,n,a=l.querySelectorAll('iframe[data-secret=\"'+t.secret+'\"]'),o=l.querySelectorAll('blockquote[data-secret=\"'+t.secret+'\"]'),c=new RegExp(\"^https?:$\",\"i\"),i=0;i<o.length;i++)o[i].style.display=\"none\";for(i=0;i<a.length;i++)s=a[i],e.source===s.contentWindow&&(s.removeAttribute(\"style\"),\"height\"===t.message?(1e3<(r=parseInt(t.value,10))?r=1e3:~~r<200&&(r=200),s.height=r):\"link\"===t.message&&(r=new URL(s.getAttribute(\"src\")),n=new URL(t.value),c.test(n.protocol))&&n.host===r.host&&l.activeElement===s&&(d.top.location.href=t.value))}},d.addEventListener(\"message\",d.wp.receiveEmbedMessage,!1),l.addEventListener(\"DOMContentLoaded\",function(){for(var e,t,s=l.querySelectorAll(\"iframe.wp-embedded-content\"),r=0;r<s.length;r++)(t=(e=s[r]).getAttribute(\"data-secret\"))||(t=Math.random().toString(36).substring(2,12),e.src+=\"#?secret=\"+t,e.setAttribute(\"data-secret\",t)),e.contentWindow.postMessage({message:\"ready\",secret:t},\"*\")},!1)))}(window,document);\n\/\/# sourceURL=https:\/\/www.imdhd.org\/dignificando-la-memoria\/wp-includes\/js\/wp-embed.min.js\n<\/script>\n","thumbnail_url":"https:\/\/www.imdhd.org\/dignificando-la-memoria\/wp-content\/uploads\/2021\/07\/banner-testimonios.svg","thumbnail_width":1,"thumbnail_height":1,"description":"La l\u00ednea de investigaci\u00f3n que nunca se hizo. Como se debi\u00f3 haber hecho, porque yo levant\u00e9 la denuncia al d\u00eda siguiente. Di toda la informaci\u00f3n, di la s\u00e1bana de llamadas del tel\u00e9fono, porque estaba mi nombre. Ten\u00edamos un contrato en Iusacell y ese estaba a mi nombre, entonces esa s\u00e1bana yo la llev\u00e9 a las [&hellip;]"}